{"id":10739,"date":"2025-10-10T13:15:21","date_gmt":"2025-10-10T11:15:21","guid":{"rendered":"https:\/\/dev.youthhostels.lu\/childcare-youths\/beschcreche-larochette\/"},"modified":"2025-12-05T17:28:39","modified_gmt":"2025-12-05T16:28:39","slug":"beschcreche-larochette","status":"publish","type":"childcare-youth","link":"https:\/\/youthhostels.lu\/de\/kinderbetreuung-jugendangebote\/beschcreche-larochette\/","title":{"rendered":"Waldkindergarten <br><span class=\"post-title-second\">Larochette<\/span>"},"content":{"rendered":"<div class=\"wp-block-youthhostels-childcare-youth-hero is-layout-flow wp-block-youthhostels-childcare-youth-hero-is-layout-flow\">\n    <div class=\"wp-block-columns childcare-youth-hero-columns hero-columns\">\n        <div class=\"wp-block-column childcare-youth-hero-left-column hero-left-column\" style=\"flex-basis:66.66%\">\n            <h1 class=\"wp-block-post-title\">Waldkindergarten <br><span class=\"post-title-second\">Larochette<\/span><\/h1>\n<div class=\"wp-block-youthhostels-childcare-youth-hero\">\n<div class=\"wp-block-group is-layout-flex is-vertical wp-container-core-group-is-layout-35352e32 wp-block-group-is-layout-flex\">\n<p class=\"has-medium-font-size\" style=\"font-style:normal;font-weight:700\">Unser Waldkindergarten \u201eB\u00ebschcr\u00e8che\u201c nimmt Kinder im Alter von 2 bis 4 Jahren auf und hat zum Ziel, ihren Kontakt zur Natur zu f\u00f6rdern.<\/p>\n\n\n\n<p>Wir sorgen f\u00fcr ein f\u00fcrsorgliches Umfeld, das auf die Bed\u00fcrfnisse jedes einzelnen Kindes zugeschnitten ist. In diesem Umfeld kann sich jedes Kind in seinem eigenen Tempo entwickeln. P\u00e4dagogische Projekte, abwechslungsreiche Spiele sowie soziale, explorative und kreative Aktivit\u00e4ten werden von p\u00e4dagogischem Personal begleitet und unterst\u00fctzt. Unsere Kindertagesst\u00e4tte ist vom Ministerium f\u00fcr Bildung, Kinder und Jugend anerkannt.<\/p>\n\n\n\n<p><\/p>\n\n\n\n<p><\/p>\n<\/div>\n\n\n\n<div class=\"swiper wp-block-youthhostels-hostel-services-carousel\">\n            <ul class=\"swiper-wrapper\">\n            <li class=\"wp-block-youthhostels-hostel-service-item swiper-slide\"><div class=\"service-item-container\"><div class=\"service-icon-container has-icon-yh-icon-from-age shape-3\"><i class=\"yh-icon-from-age\" aria-hidden=\"true\"><\/i><\/div><p class=\"service-item-description\">Kinder von<br>2 bis 4 Jahren<\/p><\/div><\/li>\n\n\n\n<li class=\"wp-block-youthhostels-hostel-service-item swiper-slide\"><div class=\"service-item-container\"><div class=\"service-icon-container has-icon-yh-icon-number-max shape-1\"><i class=\"yh-icon-number-max\" aria-hidden=\"true\"><\/i><\/div><p class=\"service-item-description\">max. 16 Kinder<\/p><\/div><\/li>\n\n\n\n<li class=\"wp-block-youthhostels-hostel-service-item swiper-slide\"><div class=\"service-item-container\"><div class=\"service-icon-container has-icon-yh-icon-restaurant-cutlery shape-2\"><i class=\"yh-icon-restaurant-cutlery\" aria-hidden=\"true\"><\/i><\/div><p class=\"service-item-description\">Ausgewogene Mahlzeiten<\/p><\/div><\/li>\n\n\n\n<li class=\"wp-block-youthhostels-hostel-service-item swiper-slide\"><div class=\"service-item-container\"><div class=\"service-icon-container has-icon-yh-icon-socio-educational shape-1\"><i class=\"yh-icon-socio-educational\" aria-hidden=\"true\"><\/i><\/div><p class=\"service-item-description\">P\u00e4dagogische Begleitung<\/p><\/div><\/li>\n\n\t\t\t\t<\/ul>\n        <div class=\"swiper-buttons query-swiper-buttons\">\n\t\t<div\n\t\t\tclass=\"swiper-button-prev\"\n\t\t\trole=\"button\"\n\t\t\taria-label=\"Previous slide\"\n\t\t\ttabindex=\"0\"\n\t\t><i class=\"youthhostels-icons yh-icon-arrow-bottom\" aria-hidden=\"true\"><\/i><\/div>\n\t\t<div\n\t\t\tclass=\"swiper-button-next\"\n\t\t\trole=\"button\"\n\t\t\taria-label=\"Next slide\"\n\t\t\ttabindex=\"0\"\n\t\t><i class=\"youthhostels-icons yh-icon-arrow-bottom\" aria-hidden=\"true\"><\/i><\/div>\n\t\t<\/div>\n    <\/div> <\/div>\n        <\/div>\n        <div class=\"wp-block-column childcare-youth-hero-right-column\" style=\"flex-basis:33.33%\">\n\t\t\t<figure class=\"wp-block-post-featured-image\"><img decoding=\"async\" width=\"1024\" height=\"683\" src=\"https:\/\/youthhostels.lu\/wp-content\/uploads\/2025\/10\/Beschcreche-Larochette-14-1024x683.jpg\" class=\"attachment-large size-large wp-post-image\" alt=\"\" srcset=\"https:\/\/youthhostels.lu\/wp-content\/uploads\/2025\/10\/Beschcreche-Larochette-14-1024x683.jpg 1024w, https:\/\/youthhostels.lu\/wp-content\/uploads\/2025\/10\/Beschcreche-Larochette-14-300x200.jpg 300w, https:\/\/youthhostels.lu\/wp-content\/uploads\/2025\/10\/Beschcreche-Larochette-14-768x512.jpg 768w, https:\/\/youthhostels.lu\/wp-content\/uploads\/2025\/10\/Beschcreche-Larochette-14-1536x1024.jpg 1536w, https:\/\/youthhostels.lu\/wp-content\/uploads\/2025\/10\/Beschcreche-Larochette-14-scaled.jpg 2048w\" sizes=\"(max-width: 1024px) 100vw, 1024px\" \/><\/figure><div class=\"childcare-youth-inscription-info booking-info-container\"><div class=\"booking-info-text has-secondary-color has-text-color has-link-color\">Du m\u00f6chtest Dein Kind anmelden?<\/div><svg class=\"arrow-small\" aria-hidden=\"true\" focusable=\"false\" width=\"60\" height=\"28\" viewBox=\"0 0 60 28\" fill=\"none\" xmlns=\"http:\/\/www.w3.org\/2000\/svg\">\n<g clip-path=\"url(#clip0_57_8682)\">\n<path d=\"M0.690186 23.0902C0.690186 23.0902 30.4902 37.6702 57.0702 2.11023\" stroke=\"#78A743\" stroke-width=\"1.6\"\/>\n<path d=\"M46.3701 4.07023L57.0701 2.11023L58.2301 12.9102\" stroke=\"#78A743\" stroke-width=\"1.6\"\/>\n<\/g>\n<defs>\n<clipPath id=\"clip0_57_8682\">\n<rect width=\"58.92\" height=\"26.06\" fill=\"white\" transform=\"translate(0.270142 0.970215)\"\/>\n<\/clipPath>\n<\/defs>\n<\/svg>\n<a href=\"#inscription\" class=\"booking-email wp-block-button has-rounded-corners\"><span class=\"wp-block-button__link has-secondary-background-color has-background wp-element-button\">Weitere Informationen<\/span><\/a><\/div>        <\/div>\n    <\/div>\n    <div style=\"left: 55%; top: 75%; transform: translate(-50%, -50%) rotate(5deg) scaleX(-1); --line-stroke: var(--wp--preset--color--secondary-light); --svg-width: 1440px; --svg-height: 580px;\" class=\"yh-line-color-secondary-light wp-block-youthhostels-animated-line-background\" data-line=\"02\"><svg style=\"color: var(--line-stroke)\" aria-hidden=\"true\" focusable=\"false\" id=\"animated-line-02\" xmlns=\"http:\/\/www.w3.org\/2000\/svg\" version=\"1.1\" viewBox=\"0 0 1440 580\" width=\"1440\" height=\"580\">\n  <path class=\"svg-elem-1\" fill=\"none\" stroke=\"currentColor\" stroke-linecap=\"round\" stroke-linejoin=\"round\" stroke-width=\"16\" d=\"M-706.1-409.9c39.3,204.8,170.9,390.1,351.3,494.6,76.2,44,163.7,74.6,251.2,65.8C40,135.9,151.5,22.4,282.8-37.2c47.4-21.5,100.1-36.2,151.4-26.7,88.2,16.4,148.4,99.4,180.7,183.1s46.4,174.8,90.4,252.8c81.7,144.8,272.1,228.9,428.4,172,101-36.8,175-13.6,205.9-3.1,33.3,11.4,66.6,22.2,95.8,42,108.1,73.4,127.8,139.4,219.8,232.2\"><\/path>\n<\/svg><\/div><\/div> \n\n\n<div class=\"wp-block-buttons has-custom-font-size anchor-buttons has-heading-font-family has-large-font-size is-horizontal is-layout-flex wp-block-buttons-is-layout-flex\">\n<div class=\"wp-block-button is-style-outline has-rounded-corners is-style-outline--1\"><a class=\"wp-block-button__link wp-element-button\" href=\"#contact\">Kontakt<\/a><\/div>\n\n\n\n<div class=\"wp-block-button is-style-outline has-rounded-corners is-style-outline--2\"><a class=\"wp-block-button__link wp-element-button\" href=\"#journ\u00e9e\">1 typischer Tag<\/a><\/div>\n\n\n\n<div class=\"wp-block-button is-style-outline has-rounded-corners is-style-outline--3\"><a class=\"wp-block-button__link wp-element-button\" href=\"#facilities\">Infrastruktur<\/a><\/div>\n<\/div>\n\n\n\n<div class=\"wp-block-group alignfull more-informations-cpt-hc has-secondary-light-background-color has-background has-global-padding is-layout-constrained wp-block-group-is-layout-constrained\" id=\"contact\" style=\"padding-top:var(--wp--preset--spacing--large);padding-bottom:var(--wp--preset--spacing--large)\">\n<div class=\"wp-block-columns is-layout-flex wp-container-core-columns-is-layout-28f84493 wp-block-columns-is-layout-flex\">\n<div class=\"wp-block-column is-layout-flow wp-container-core-column-is-layout-c7b3064f wp-block-column-is-layout-flow\" style=\"flex-basis:33.333333%\"><div class=\"wp-block-youthhostels-cpt-introduction-details\"><div class=\"wp-block-group has-secondary-background-color has-background wp-block-youthhostels-cpt-introduction-title\"><i style=\"color:#FFFFFF\" class=\"wp-block-youthhostels-icon is-size-large yh-icon-family-kids\" aria-hidden=\"true\"><\/i><h2 class=\"wp-block-heading cpt-introduction-title has-white-color has-text-color has-link-color\">B\u00ebschCr\u00e8che, Larochette<\/h2><\/div><div class=\"contact-details-group\"><p class=\"address\">79, rue de Mersch <br \/>\r\nL-7620 Larochette<\/p><p class=\"phone\">T. (+352) 26 87 38 90<\/p><p class=\"email\"><a href=\"mailto:mrlarochette-beschcreche@youthhostels.lu\">mrlarochette-beschcreche@youthhostels.lu<\/a><\/p><\/div><\/div> <\/div>\n\n\n\n<div class=\"wp-block-column is-layout-flow wp-block-column-is-layout-flow\" style=\"flex-basis:50%\"><div class=\"wp-block-youthhostels-cpt-opening-hours\"><h3 class=\"wp-block-heading cpt-opening-hours-title\">Unsere <mark style=\"background-color:transparent\" class=\"has-inline-color has-secondary-color\"><mark class=\"yh-highlight has-shape-line-single\" style=\"background-image: none\">\u00d6ffnungszeiten<\/mark><\/mark><\/h3><div class=\"opening-hours-block-list-wrapper\"><ul class=\"opening-hours-list\"><li class=\"opening-hours-item\"><div class=\"opening-hours-title\"><strong>Montag \u2013 Freitag<\/strong><\/div><div class=\"opening-hours-hours\">07:00 \u2013 19:00 Uhr<\/div><div class=\"opening-hours-comment\">au\u00dfer an Feiertagen<\/div><\/li><\/ul><\/div><\/div> <\/div>\n\n\n\n<div class=\"wp-block-column is-layout-flow wp-block-column-is-layout-flow\" style=\"flex-basis:16.66666%\"><div class=\"wp-block-youthhostels-cpt-team-info\"><h3 class=\"wp-block-heading cpt-team-info-title\">Leitung<\/h3><div class=\"team-block-list-wrapper\"><ul class=\"team-section-list\"><ul class=\"team-list\"><li class=\"team-item-name\">Jessica Be\u00e7a<\/li><li class=\"team-item-name\">Annette Schloesser<\/li><\/ul><\/li><\/ul><\/div><\/div> <\/div>\n<\/div>\n<\/div>\n\n\n\n<div class=\"wp-block-columns is-layout-flex wp-container-core-columns-is-layout-28f84493 wp-block-columns-is-layout-flex\" id=\"groupes\">\n<div class=\"wp-block-column is-layout-flow wp-block-column-is-layout-flow\">\n<h2 class=\"wp-block-heading\" id=\"journ\u00e9e\">Ein Typischer <mark class=\"yh-highlight has-shape-circle\"><mark style=\"background-color:rgba(0, 0, 0, 0)\" class=\"has-inline-color has-primary-color\">Tag<\/mark><\/mark><\/h2>\n\n\n\n<p>Die Kinder werden ab 7 Uhr morgens betreut. Ab 8:30 Uhr gehen sie in den Wald, wo sie fr\u00fchst\u00fccken.<\/p>\n\n\n\n<p>Nach dem Mittagessen ist Zeit f\u00fcr ein Nickerchen und\/oder einen Ausflug in den Wald.<\/p>\n\n\n\n<p>Gegen 15:30 Uhr wird den Kindern ein Snack serviert und die Eltern k\u00f6nnen sie abholen.<\/p>\n\n\n\n<p>Ab 16 Uhr k\u00f6nnen die Kinder frei spielen und an Aktivit\u00e4ten und Projekten teilnehmen.<\/p>\n\n\n\n<p>Um sich einen Eindruck von der Arbeit und dem Team der Kindertagesst\u00e4tte zu verschaffen, kann man auf den YouTube-Link klicken:<\/p>\n\n\n\n<ul class=\"wp-block-social-links is-layout-flex wp-block-social-links-is-layout-flex\"><li class=\"wp-social-link wp-social-link-youtube  wp-block-social-link\"><a href=\"https:\/\/youtube.com\/shorts\/b66hYKXffoI?si=ZsKyXB2tK0FL2WVM\" class=\"wp-block-social-link-anchor\" target=\"_blank\" rel=\"noopener\"><svg width=\"24\" height=\"24\" viewBox=\"0 0 24 24\" version=\"1.1\" xmlns=\"http:\/\/www.w3.org\/2000\/svg\" aria-hidden=\"true\" focusable=\"false\"><path d=\"M21.8,8.001c0,0-0.195-1.378-0.795-1.985c-0.76-0.797-1.613-0.801-2.004-0.847c-2.799-0.202-6.997-0.202-6.997-0.202 h-0.009c0,0-4.198,0-6.997,0.202C4.608,5.216,3.756,5.22,2.995,6.016C2.395,6.623,2.2,8.001,2.2,8.001S2,9.62,2,11.238v1.517 c0,1.618,0.2,3.237,0.2,3.237s0.195,1.378,0.795,1.985c0.761,0.797,1.76,0.771,2.205,0.855c1.6,0.153,6.8,0.201,6.8,0.201 s4.203-0.006,7.001-0.209c0.391-0.047,1.243-0.051,2.004-0.847c0.6-0.607,0.795-1.985,0.795-1.985s0.2-1.618,0.2-3.237v-1.517 C22,9.62,21.8,8.001,21.8,8.001z M9.935,14.594l-0.001-5.62l5.404,2.82L9.935,14.594z\"><\/path><\/svg><span class=\"wp-block-social-link-label screen-reader-text\">YouTube<\/span><\/a><\/li><\/ul>\n<\/div>\n<\/div>\n\n\n\n<div id=\"details\" class=\"wp-block-group is-vertical is-content-justification-stretch is-layout-flex wp-container-core-group-is-layout-353c4f5a wp-block-group-is-layout-flex\">\n<div class=\"wp-block-group is-layout-grid wp-container-core-group-is-layout-b757edec wp-block-group-is-layout-grid\">\n<div class=\"wp-block-group has-primary-border-background-color has-background has-global-padding is-layout-constrained wp-container-core-group-is-layout-e20e7e2d wp-block-group-is-layout-constrained\" style=\"padding-top:var(--wp--preset--spacing--large);padding-right:var(--wp--preset--spacing--large);padding-bottom:var(--wp--preset--spacing--large);padding-left:var(--wp--preset--spacing--large)\">\n<h2 class=\"wp-block-heading has-base-color has-text-color has-link-color wp-elements-587868e2e6e0ec48a05f92df8c9cb707\">Unsere <mark class=\"yh-highlight has-shape-circle\">P\u00e4dagogische<\/mark> Arbeit<\/h2>\n\n\n\n<p>Im Rahmen unserer p\u00e4dagogischen Arbeit setzen wir uns Ziele, die darauf ausgerichtet sind, die Entwicklung der Kinder zu f\u00f6rdern und zu unterst\u00fctzen.<\/p>\n\n\n\n<div class=\"wp-block-group is-vertical is-layout-flex wp-container-core-group-is-layout-4b827052 wp-block-group-is-layout-flex\">\n<p><\/p>\n\n\n\n<ul style=\"--marker-color:#F3941E;\" class=\"wp-block-list\">\n<li>die freie motorische Entwicklung<\/li>\n\n\n\n<li>die F\u00f6rderung der Selbstst\u00e4ndigkeit und Unabh\u00e4ngigkeit des Kindes<\/li>\n\n\n\n<li>die F\u00f6rderung der sprachlichen, sozialen, emotionalen und kognitiven Entwicklung<\/li>\n\n\n\n<li>die Vernetzung mit externen Partnern<\/li>\n\n\n\n<li>die Zusammenarbeit und Transparenz mit den Eltern<\/li>\n\n\n\n<li>die Naturp\u00e4dagogik<\/li>\n<\/ul>\n<\/div>\n\n\n\n<p><\/p>\n<\/div>\n\n\n<div class=\"swiper-container is-layout-single wp-block-youthhostels-carousel-swiper\" data-carousel-layout=\"single\">\n\t<div class=\"swiper-wrapper\">\n\t\t\t\t\t\t\t\t\t\t\t\t\t<div \n\t\t\t\t\tclass=\"swiper-slide\"\n\t\t\t\t\t\t\t\t\t\t\tdata-id=\"9573\"\n\t\t\t\t\t\t\t\t\t>\n\t\t\t\t\t<img decoding=\"async\" src=\"https:\/\/youthhostels.lu\/wp-content\/uploads\/2025\/10\/Beschcreche-Larochette-14-scaled.jpg\" alt=\"\" \/>\n\t\t\t\t<\/div>\n\t\t\t\t\t\t\t\t\t\t\t<div \n\t\t\t\t\tclass=\"swiper-slide\"\n\t\t\t\t\t\t\t\t\t\t\tdata-id=\"9576\"\n\t\t\t\t\t\t\t\t\t>\n\t\t\t\t\t<img decoding=\"async\" src=\"https:\/\/youthhostels.lu\/wp-content\/uploads\/2025\/10\/Beschcreche-Larochette-18-scaled.jpg\" alt=\"\" \/>\n\t\t\t\t<\/div>\n\t\t\t\t\t\t\t\t\t\t\t<div \n\t\t\t\t\tclass=\"swiper-slide\"\n\t\t\t\t\t\t\t\t\t\t\tdata-id=\"9579\"\n\t\t\t\t\t\t\t\t\t>\n\t\t\t\t\t<img decoding=\"async\" src=\"https:\/\/youthhostels.lu\/wp-content\/uploads\/2025\/10\/Beschcreche-Larochette-19-scaled.jpg\" alt=\"\" \/>\n\t\t\t\t<\/div>\n\t\t\t\t\t\t\t\t\t\t\t<div \n\t\t\t\t\tclass=\"swiper-slide\"\n\t\t\t\t\t\t\t\t\t\t\tdata-id=\"9570\"\n\t\t\t\t\t\t\t\t\t>\n\t\t\t\t\t<img decoding=\"async\" src=\"https:\/\/youthhostels.lu\/wp-content\/uploads\/2025\/10\/Beschcreche-Larochette-11-scaled.jpg\" alt=\"\" \/>\n\t\t\t\t<\/div>\n\t\t\t\t\t\t\t\t\t\t\t<div \n\t\t\t\t\tclass=\"swiper-slide\"\n\t\t\t\t\t\t\t\t\t\t\tdata-id=\"9567\"\n\t\t\t\t\t\t\t\t\t>\n\t\t\t\t\t<img decoding=\"async\" src=\"https:\/\/youthhostels.lu\/wp-content\/uploads\/2025\/10\/Beschcreche-Larochette-7-scaled.jpg\" alt=\"\" \/>\n\t\t\t\t<\/div>\n\t\t\t\t\t\t\t\t\t\t\t<div \n\t\t\t\t\tclass=\"swiper-slide\"\n\t\t\t\t\t\t\t\t\t\t\tdata-id=\"9564\"\n\t\t\t\t\t\t\t\t\t>\n\t\t\t\t\t<img decoding=\"async\" src=\"https:\/\/youthhostels.lu\/wp-content\/uploads\/2025\/10\/Beschcreche-Larochette-6-scaled.jpg\" alt=\"\" \/>\n\t\t\t\t<\/div>\n\t\t\t\t\t\t\t\t\t\t\t<div \n\t\t\t\t\tclass=\"swiper-slide\"\n\t\t\t\t\t\t\t\t\t\t\tdata-id=\"9561\"\n\t\t\t\t\t\t\t\t\t>\n\t\t\t\t\t<img decoding=\"async\" src=\"https:\/\/youthhostels.lu\/wp-content\/uploads\/2025\/10\/Beschcreche-Larochette-3-scaled.jpg\" alt=\"\" \/>\n\t\t\t\t<\/div>\n\t\t\t\t\t\t\t\t\t\t\t<div \n\t\t\t\t\tclass=\"swiper-slide\"\n\t\t\t\t\t\t\t\t\t\t\tdata-id=\"9558\"\n\t\t\t\t\t\t\t\t\t>\n\t\t\t\t\t<img decoding=\"async\" src=\"https:\/\/youthhostels.lu\/wp-content\/uploads\/2025\/10\/Beschcreche-Larochette-2-scaled.jpg\" alt=\"\" \/>\n\t\t\t\t<\/div>\n\t\t\t\t\t\t<\/div>\n\n\t\t<div class=\"swiper-buttons query-swiper-buttons\">\n\t\t<div\n\t\t\tclass=\"swiper-button-prev\"\n\t\t\trole=\"button\"\n\t\t\taria-label=\"Previous slide\"\n\t\t\ttabindex=\"0\"\n\t\t><i class=\"youthhostels-icons yh-icon-arrow-bottom\" aria-hidden=\"true\"><\/i><\/div>\n\t\t<div\n\t\t\tclass=\"swiper-button-next\"\n\t\t\trole=\"button\"\n\t\t\taria-label=\"Next slide\"\n\t\t\ttabindex=\"0\"\n\t\t><i class=\"youthhostels-icons yh-icon-arrow-bottom\" aria-hidden=\"true\"><\/i><\/div>\n\t\t<\/div>\n\n\t\t\t\n<\/div> <\/div>\n<\/div>\n\n\n\n<div class=\"wp-block-group alignfull get-ready has-secondary-light-background-color has-background has-global-padding is-layout-constrained wp-block-group-is-layout-constrained\">\n<div class=\"wp-block-columns is-layout-flex wp-container-core-columns-is-layout-28f84493 wp-block-columns-is-layout-flex\">\n<div class=\"wp-block-column is-layout-flow wp-block-column-is-layout-flow\" style=\"flex-basis:58.3rem\">\n<h2 class=\"wp-block-heading\" id=\"facilities\"><mark style=\"background-color:rgba(0, 0, 0, 0)\" class=\"has-inline-color has-primary-color\"><mark class=\"yh-highlight has-shape-circle\"><mark style=\"background-color:rgba(0, 0, 0, 0)\" class=\"has-inline-color has-primary-color\"><mark class=\"yh-highlight has-shape-circle\">Infrastruktur<\/mark><\/mark><\/mark><\/mark><\/h2>\n\n\n\n<details class=\"wp-block-details is-layout-flow wp-block-details-is-layout-flow\"><summary>Innenbereich<\/summary>\n<p><\/p>\n\n\n\n<p>Die \u201eB\u00ebschcr\u00e8che\u201c verf\u00fcgt innerhalb des Geb\u00e4udes \u00fcber folgende Infrastruktur:<\/p>\n\n\n\n<p><\/p>\n\n\n\n<ul style=\"--marker-color:#F3941E;\" class=\"wp-block-list\">\n<li>1 Garderobe<\/li>\n\n\n\n<li>1 Mehrzweckraum mit verschiedenen Aktivit\u00e4tsbereichen<\/li>\n\n\n\n<li>1 Badezimmer<\/li>\n<\/ul>\n<\/details>\n\n\n\n<details class=\"wp-block-details is-layout-flow wp-block-details-is-layout-flow\"><summary>Au\u00dfenbereich<\/summary>\n<p><\/p>\n\n\n\n<p>Die \u201eB\u00ebschcr\u00e8che\u201c verf\u00fcgt \u00fcber folgende Au\u00dfenanlagen:<\/p>\n\n\n\n<p><\/p>\n\n\n\n<ul style=\"--marker-color:#F3941E;\" class=\"wp-block-list\">\n<li>Spielplatz<\/li>\n\n\n\n<li>Wald<\/li>\n<\/ul>\n<\/details>\n<\/div>\n<\/div>\n<\/div>\n\n\n\n<div class=\"wp-block-group alignfull has-secondary-light-background-color has-background is-vertical is-content-justification-center is-layout-flex wp-container-core-group-is-layout-ce155fab wp-block-group-is-layout-flex\" id=\"inscription\">\n<h2 class=\"wp-block-heading has-text-align-center\">M\u00f6chtest du<br>dein Kind <mark style=\"background-color:rgba(0, 0, 0, 0)\" class=\"has-inline-color has-secondary-color\"><mark class=\"yh-highlight has-shape-line-two\">anmelden<\/mark><\/mark>?<\/h2>\n\n\n\n<p class=\"has-text-align-center has-medium-font-size\">Anmeldungen sind das ganze Jahr \u00fcber m\u00f6glich, die Aufnahmen finden jedoch in der Regel ab September statt, wenn \u00e4ltere Kinder in die Schule gehen. Kinder k\u00f6nnen ganztags oder halbtags angemeldet werden. F\u00fcr weitere Informationen wende dich bitte an die Krippenleitung.<\/p>\n\n\n<div class=\"wp-block-buttons is-layout-flex wp-block-buttons-is-layout-flex is-content-justification-center wp-block-youthhostels-cpt-email-contact\">\n    <div class=\"wp-block-button\">\n        <a href=\"mailto:mrlarochette-beschcreche@youthhostels.lu\" class=\"wp-block-button__link wp-element-button has-secondary-background-color has-background\">\n            Kontaktiere uns        <\/a>\n    <\/div>\n<\/div>\n\n<\/div>\n\n\n\n<div id=\"facilities\" class=\"wp-block-group has-global-padding is-layout-constrained wp-block-group-is-layout-constrained\">\n<div class=\"wp-block-columns is-layout-flex wp-container-core-columns-is-layout-28f84493 wp-block-columns-is-layout-flex\">\n<div class=\"wp-block-column is-layout-flow wp-block-column-is-layout-flow\">\n<h2 class=\"wp-block-heading\"><mark style=\"background-color:rgba(0, 0, 0, 0)\" class=\"has-inline-color has-primary-color\">Links<\/mark><\/h2>\n\n\n\n<div class=\"wp-block-group has-global-padding is-layout-constrained wp-container-core-group-is-layout-c40a8074 wp-block-group-is-layout-constrained\">\n<p><strong><strong><strong>Gemeinde <\/strong><\/strong>Larochette<\/strong><\/p>\n\n\n\n<div class=\"wp-block-buttons is-layout-flex wp-block-buttons-is-layout-flex\">\n<div class=\"wp-block-button is-style-small-outline\"><a class=\"wp-block-button__link wp-element-button\" href=\"https:\/\/larochette.lu\/vivre-dans-la-commune\/enfance-jeunesse\/service-deducation-et-daccueil\/\" target=\"_blank\" rel=\"noreferrer noopener\">www.Larochette.lu<\/a><\/div>\n<\/div>\n<\/div>\n\n\n\n<div class=\"wp-block-group has-global-padding is-layout-constrained wp-container-core-group-is-layout-c40a8074 wp-block-group-is-layout-constrained\">\n<p><strong>Ch\u00e8que-Service Accueil<\/strong><\/p>\n\n\n\n<div class=\"wp-block-buttons is-layout-flex wp-block-buttons-is-layout-flex\">\n<div class=\"wp-block-button is-style-small-outline\"><a class=\"wp-block-button__link wp-element-button\" href=\"https:\/\/men.public.lu\/fr\/systeme-educatif\/enfance.html\" target=\"_blank\" rel=\"noreferrer noopener\">www.men.public.lu<\/a><\/div>\n<\/div>\n<\/div>\n<\/div>\n\n\n\n<div class=\"wp-block-column is-layout-flow wp-block-column-is-layout-flow\">\n<h2 class=\"wp-block-heading\"><mark style=\"background-color:rgba(0, 0, 0, 0)\" class=\"has-inline-color has-primary-color\">Documente<\/mark><\/h2>\n\n\n\n\n<div class=\"media-center-item media-center-item-card media-center-item-card-compact\">\n\n\t\n\t<div class=\"media-center-item-card-inner\">\n\n\n\t\t<div class=\"media-center-card-image\">\n\t\t\t<img decoding=\"async\" width=\"300\" height=\"200\" src=\"https:\/\/youthhostels.lu\/wp-content\/uploads\/2025\/10\/Beschcreche-Larochette-7-300x200.jpg\" class=\"media-center-item-thumbnail wp-post-image\" alt=\"\" srcset=\"https:\/\/youthhostels.lu\/wp-content\/uploads\/2025\/10\/Beschcreche-Larochette-7-300x200.jpg 300w, https:\/\/youthhostels.lu\/wp-content\/uploads\/2025\/10\/Beschcreche-Larochette-7-1024x683.jpg 1024w, https:\/\/youthhostels.lu\/wp-content\/uploads\/2025\/10\/Beschcreche-Larochette-7-768x512.jpg 768w, https:\/\/youthhostels.lu\/wp-content\/uploads\/2025\/10\/Beschcreche-Larochette-7-1536x1024.jpg 1536w, https:\/\/youthhostels.lu\/wp-content\/uploads\/2025\/10\/Beschcreche-Larochette-7-scaled.jpg 2048w\" sizes=\"(max-width: 300px) 100vw, 300px\" \/>\t\t<\/div>\n\n\t\t<div class=\"media-center-card-content\">\n\n\t\n\t\t\t<div class=\"media-center-card-informations\">\n\n\n\t\t\t\t<h3 class=\"media-center-card-title\">Konzept der Kindertagesst\u00e4tte Larochette<\/h3>\n\n\t\t\t\t\n\t\t\t\t<div class=\"media-center-card-meta\">\n\t\t\t\t\t<ul class=\"item-meta-info-list\">\n\t\t\t\t\t\t<li class=\"item-meta-info item-meta-info-type\"><i class=\"youthhostels-icons yh-icon-singpost\" aria-hidden=\"true\"><\/i> Andere<\/li>\t\t\t\t\t\t<li class=\"item-meta-info item-meta-info-language has-meta-tags\"><span class=\"sr-only\">Languages : <\/span><div class=\"meta-lang\">DE<\/div><\/li>\t\t\t\t\t<\/ul>\n\t\t\t\t<\/div>\n\n\n\t\t\t\t\n\t\t\t\n\t\t\t<\/div>\n\t\t<\/div>\n\n\n\t\t\n\t\t\n\t\t\t\t\t\t<a href=\"https:\/\/youthhostels.lu\/de\/yh-download\/10669\/Konzept-Creche-Maison-Relais-Larochette-SEAJ-20150073.pdf\" class=\"query-item-card-link \" target=\"_blank\" rel=\"noopener noreferrer\"><\/a>\n\t\t\t\n\t\t\n\t<\/div>\n\n<\/div>\n\n<\/div>\n<\/div>\n\n\n\n<p><\/p>\n<\/div>\n\n\n\n<p><\/p>\n","protected":false},"featured_media":9575,"template":"","meta":{"inline_featured_image":false,"_childcare_youth_address":"79, rue de Mersch \r\nL-7620 Larochette","_childcare_youth_phone":"(+352) 26 87 38 90","_childcare_youth_mobile":"","_childcare_youth_whatsapp":"","_childcare_youth_fax":"","_childcare_youth_email":"mrlarochette-beschcreche@youthhostels.lu","_childcare_youth_google_map_url":"https:\/\/maps.app.goo.gl\/JRXm798UVjJ7KqDk8","_childcare_youth_location":"Larochette","_childcare_youth_opening_hours":null,"_childcare_youth_team":null,"footnotes":""},"childcare_youth_type":[291],"class_list":["post-10739","childcare-youth","type-childcare-youth","status-publish","has-post-thumbnail","hentry","childcare_youth_type-kindergarten"],"_links":{"self":[{"href":"https:\/\/youthhostels.lu\/de\/wp-json\/wp\/v2\/childcare-youth\/10739","targetHints":{"allow":["GET"]}}],"collection":[{"href":"https:\/\/youthhostels.lu\/de\/wp-json\/wp\/v2\/childcare-youth"}],"about":[{"href":"https:\/\/youthhostels.lu\/de\/wp-json\/wp\/v2\/types\/childcare-youth"}],"version-history":[{"count":11,"href":"https:\/\/youthhostels.lu\/de\/wp-json\/wp\/v2\/childcare-youth\/10739\/revisions"}],"predecessor-version":[{"id":16951,"href":"https:\/\/youthhostels.lu\/de\/wp-json\/wp\/v2\/childcare-youth\/10739\/revisions\/16951"}],"wp:featuredmedia":[{"embeddable":true,"href":"https:\/\/youthhostels.lu\/de\/wp-json\/wp\/v2\/media\/9575"}],"wp:attachment":[{"href":"https:\/\/youthhostels.lu\/de\/wp-json\/wp\/v2\/media?parent=10739"}],"wp:term":[{"taxonomy":"childcare_youth_type","embeddable":true,"href":"https:\/\/youthhostels.lu\/de\/wp-json\/wp\/v2\/childcare_youth_type?post=10739"}],"curies":[{"name":"wp","href":"https:\/\/api.w.org\/{rel}","templated":true}]}}